{"id":18558,"date":"2023-10-23T06:24:56","date_gmt":"2023-10-23T06:24:56","guid":{"rendered":"https:\/\/dev.monti.lt\/?post_type=product&#038;p=18558"},"modified":"2024-10-09T14:41:49","modified_gmt":"2024-10-09T14:41:49","slug":"lavinamasis-kilimelis-su-kamuoliuku-baseinu","status":"publish","type":"product","link":"https:\/\/dev.monti.lt\/en\/product\/lavinamasis-kilimelis-su-kamuoliuku-baseinu\/","title":{"rendered":"Lavinamasis kilim\u0117lis su kamuoliuk\u0173 baseinu"},"content":{"rendered":"<p>Daugiafunkcinis kilim\u0117lis k\u016bdikiams su gultuku u\u017etikrins tinkam\u0105 j\u016bs\u0173 k\u016bdikio vystym\u0105si nuo pirm\u0173j\u0173 gyvenimo akimirk\u0173.<br>Originali forma ir originalios spalvos prad\u017eiugins net pa\u010dius i\u0161rankiausius.<br>Jis pagamintas skiriant d\u0117mes\u012f kiekvienai detalei, ypating\u0105 d\u0117mes\u012f skiriant pasaul\u012f pa\u017e\u012fstan\u010di\u0173 ma\u017eyli\u0173 ir j\u0173 t\u0117v\u0173 poreikiams.<\/p><p>Kilim\u0117lis auga kartu su vaiku. Jis bus naudingas kiekvienu raidos etapu.<\/p><p>Vienas kilim\u0117lis &#8211; daug galimybi\u0173!<\/p><p>Kilim\u0117lis su gultuku &#8211; ant nugaros ar pilvuko gulintis vaikas gal\u0117s steb\u0117ti j\u012f supan\u010di\u0105 erdv\u0119. \u017daidim\u0173 kilim\u0117lis sukuria saugumo jausm\u0105 k\u016bdikiui ir t\u0117vams.<br>Kilim\u0117lis su \u017eaislais, pakabintas ant lank\u0173 &#8211; ant lank\u0173 pakabinti spalvingi \u017eaislai patrauks k\u016bdikio d\u0117mes\u012f ir motyvuos j\u012f mank\u0161tintis bei stiprinti kaklo, rank\u0173 ir koj\u0173 raumenis. Be to, jis puikiai tiks pirmiesiems bandymams savaranki\u0161kai atsis\u0117sti.<br>Sausas baseinas &#8211; pripild\u0119 \u017eaidim\u0173 lovel\u0119 kamuoliukais gausite<br>Kilim\u0117l\u012f be lank\u0173 &#8211; nu\u0117mus lankus, nukris ir aptvar\u0105 sudarantis tinklelis, tada kilim\u0117lis puikiai izoliuos nuo \u0161altos \u017eem\u0117s, pa\u017eym\u0117s \u017eaidim\u0173 zon\u0105 ir s\u0117kmingai pakeis kilim\u0105 k\u016bdikio kambaryje.<\/p><p>Pridedami pliu\u0161iniai pakabukai su pypk\u0117mis ir plastikinis bar\u0161kutis pritrauks k\u016bdikio d\u0117mes\u012f ir stimuliuos regos, klausos ir lyt\u0117jimo poj\u016b\u010dius. Be to, jie bus puiki \u012f\u017eanga \u012f<\/p><p>pa\u017einti form\u0173 ir spalv\u0173 pasaul\u012f.<\/p><p>Be to, pridedami spalvingi plastikiniai kamuoliukai, kurie puikiai papildys pav\u0117sin\u0119 ir pavers j\u0105 sausu baseinu.<\/p><p>Lap\u0117s galva puikiai tinka \u017eaislams ir kamuoliukams laikyti, ji u\u017esegama u\u017etrauktuku.<\/p><p>Modernus dizainas ir d\u0117mesys detal\u0117ms prad\u017eiugins t\u0117vus.<\/p><p>Rinkinio turinys:<br>Kilim\u0117lis<br>lankai<br>30x kamuoliuk\u0173<br>3x mink\u0161ti pakabukai su pypk\u0117mis<br>\u017eaid\u017eiantis tigras<\/p><p>I\u0161matavimai:<\/p><p>Kilim\u0117lio skersmuo: Dydis: 66 cm<br>\u017eaidim\u0173 kilim\u0117lio auk\u0161tis: Tigriuko ilgis: 21 cm<br>auk\u0161tis nuo \u017eem\u0117s iki galvos juostos: 50 cm auk\u0161\u010dio nuo galvos iki galvos.<br>plastikin\u0117s pakabos auk\u0161tis: apie 11 cm<br>Pakuot\u0117s matmenys: 57cm x 46cm x 9cm<br>Supakuota \u012f kartonin\u0119 d\u0117\u017eut\u0119.<\/p>","protected":false},"excerpt":{"rendered":"<p>Daugiafunkcinis kilim\u0117lis k\u016bdikiams su gultuku u\u017etikrins tinkam\u0105 j\u016bs\u0173 k\u016bdikio vystym\u0105si nuo pirm\u0173j\u0173 gyvenimo akimirk\u0173.Originali forma ir originalios spalvos prad\u017eiugins net pa\u010dius i\u0161rankiausius.Jis pagamintas skiriant d\u0117mes\u012f kiekvienai detalei, ypating\u0105 d\u0117mes\u012f skiriant pasaul\u012f pa\u017e\u012fstan\u010di\u0173 ma\u017eyli\u0173 ir j\u0173 t\u0117v\u0173 poreikiams. Kilim\u0117lis auga kartu su vaiku. Jis bus naudingas kiekvienu raidos etapu. Vienas kilim\u0117lis &#8211; daug galimybi\u0173! Kilim\u0117lis su [&hellip;]<\/p>","protected":false},"featured_media":18560,"template":"","meta":{"iawp_total_views":101},"product_cat":[200,191,82,192,206,39],"product_tag":[95,94],"class_list":{"0":"post-18558","1":"product","2":"type-product","3":"status-publish","4":"has-post-thumbnail","6":"product_cat-dovanos-kudikiams","7":"product_cat-dovanos-vaikams","8":"product_cat-ispardavimas","9":"product_cat-kaledines-dovanos-vaikams","10":"product_cat-lavinamieji-kilimeliai","11":"product_cat-zaislai","12":"product_tag-1-m-2-m","13":"product_tag-iki-1-m","15":"first","16":"outofstock","17":"sale","18":"taxable","19":"shipping-taxable","20":"purchasable","21":"product-type-simple"},"yoast_head":"<!-- This site is optimized with the Yoast SEO plugin v23.3 - https:\/\/yoast.com\/wordpress\/plugins\/seo\/ -->\n<title>Lavinamasis kilim\u0117lis su kamuoliuk\u0173 baseinu - Montessori \u017eaislai<\/title>\n<meta name=\"robots\" content=\"noindex, follow, max-snippet:-1, max-image-preview:large, max-video-preview:-1\" \/>\n<meta property=\"og:locale\" content=\"en_US\" \/>\n<meta property=\"og:type\" content=\"article\" \/>\n<meta property=\"og:title\" content=\"Lavinamasis kilim\u0117lis su kamuoliuk\u0173 baseinu - Montessori \u017eaislai\" \/>\n<meta property=\"og:description\" content=\"Daugiafunkcinis kilim\u0117lis k\u016bdikiams su gultuku u\u017etikrins tinkam\u0105 j\u016bs\u0173 k\u016bdikio vystym\u0105si nuo pirm\u0173j\u0173 gyvenimo akimirk\u0173.Originali forma ir originalios spalvos prad\u017eiugins net pa\u010dius i\u0161rankiausius.Jis pagamintas skiriant d\u0117mes\u012f kiekvienai detalei, ypating\u0105 d\u0117mes\u012f skiriant pasaul\u012f pa\u017e\u012fstan\u010di\u0173 ma\u017eyli\u0173 ir j\u0173 t\u0117v\u0173 poreikiams. Kilim\u0117lis auga kartu su vaiku. Jis bus naudingas kiekvienu raidos etapu. Vienas kilim\u0117lis &#8211; daug galimybi\u0173! Kilim\u0117lis su [&hellip;]\" \/>\n<meta property=\"og:url\" content=\"https:\/\/dev.monti.lt\/en\/product\/lavinamasis-kilimelis-su-kamuoliuku-baseinu\/\" \/>\n<meta property=\"og:site_name\" content=\"Montessori \u017eaislai\" \/>\n<meta property=\"article:modified_time\" content=\"2024-10-09T14:41:49+00:00\" \/>\n<meta property=\"og:image\" content=\"https:\/\/dev.monti.lt\/wp-content\/uploads\/2023\/10\/Mata-edukacyjna-lisek-kojec-z-pileczkami-zawieszka-133843.jpg\" \/>\n\t<meta property=\"og:image:width\" content=\"1024\" \/>\n\t<meta property=\"og:image:height\" content=\"1024\" \/>\n\t<meta property=\"og:image:type\" content=\"image\/jpeg\" \/>\n<meta name=\"twitter:card\" content=\"summary_large_image\" \/>\n<meta name=\"twitter:label1\" content=\"Est. reading time\" \/>\n\t<meta name=\"twitter:data1\" content=\"2 minutes\" \/>\n<script type=\"application\/ld+json\" class=\"yoast-schema-graph\">{\"@context\":\"https:\/\/schema.org\",\"@graph\":[{\"@type\":\"WebPage\",\"@id\":\"https:\/\/dev.monti.lt\/product\/lavinamasis-kilimelis-su-kamuoliuku-baseinu\/\",\"url\":\"https:\/\/dev.monti.lt\/product\/lavinamasis-kilimelis-su-kamuoliuku-baseinu\/\",\"name\":\"Lavinamasis kilim\u0117lis su kamuoliuk\u0173 baseinu - Montessori \u017eaislai\",\"isPartOf\":{\"@id\":\"https:\/\/dev.monti.lt\/#website\"},\"primaryImageOfPage\":{\"@id\":\"https:\/\/dev.monti.lt\/product\/lavinamasis-kilimelis-su-kamuoliuku-baseinu\/#primaryimage\"},\"image\":{\"@id\":\"https:\/\/dev.monti.lt\/product\/lavinamasis-kilimelis-su-kamuoliuku-baseinu\/#primaryimage\"},\"thumbnailUrl\":\"https:\/\/dev.monti.lt\/wp-content\/uploads\/2023\/10\/Mata-edukacyjna-lisek-kojec-z-pileczkami-zawieszka-133843.jpg\",\"datePublished\":\"2023-10-23T06:24:56+00:00\",\"dateModified\":\"2024-10-09T14:41:49+00:00\",\"breadcrumb\":{\"@id\":\"https:\/\/dev.monti.lt\/product\/lavinamasis-kilimelis-su-kamuoliuku-baseinu\/#breadcrumb\"},\"inLanguage\":\"en-US\",\"potentialAction\":[{\"@type\":\"ReadAction\",\"target\":[\"https:\/\/dev.monti.lt\/product\/lavinamasis-kilimelis-su-kamuoliuku-baseinu\/\"]}]},{\"@type\":\"ImageObject\",\"inLanguage\":\"en-US\",\"@id\":\"https:\/\/dev.monti.lt\/product\/lavinamasis-kilimelis-su-kamuoliuku-baseinu\/#primaryimage\",\"url\":\"https:\/\/dev.monti.lt\/wp-content\/uploads\/2023\/10\/Mata-edukacyjna-lisek-kojec-z-pileczkami-zawieszka-133843.jpg\",\"contentUrl\":\"https:\/\/dev.monti.lt\/wp-content\/uploads\/2023\/10\/Mata-edukacyjna-lisek-kojec-z-pileczkami-zawieszka-133843.jpg\",\"width\":1024,\"height\":1024,\"caption\":\"kamuoliuku baseinas\"},{\"@type\":\"BreadcrumbList\",\"@id\":\"https:\/\/dev.monti.lt\/product\/lavinamasis-kilimelis-su-kamuoliuku-baseinu\/#breadcrumb\",\"itemListElement\":[{\"@type\":\"ListItem\",\"position\":1,\"name\":\"Home\",\"item\":\"https:\/\/dev.monti.lt\/\"},{\"@type\":\"ListItem\",\"position\":2,\"name\":\"Parduotuv\u0117\",\"item\":\"https:\/\/dev.monti.lt\/shop\/\"},{\"@type\":\"ListItem\",\"position\":3,\"name\":\"Lavinamasis kilim\u0117lis su kamuoliuk\u0173 baseinu\"}]},{\"@type\":\"WebSite\",\"@id\":\"https:\/\/dev.monti.lt\/#website\",\"url\":\"https:\/\/dev.monti.lt\/\",\"name\":\"Montessori \u017eaislai\",\"description\":\"\",\"publisher\":{\"@id\":\"https:\/\/dev.monti.lt\/#organization\"},\"potentialAction\":[{\"@type\":\"SearchAction\",\"target\":{\"@type\":\"EntryPoint\",\"urlTemplate\":\"https:\/\/dev.monti.lt\/?s={search_term_string}\"},\"query-input\":\"required name=search_term_string\"}],\"inLanguage\":\"en-US\"},{\"@type\":\"Organization\",\"@id\":\"https:\/\/dev.monti.lt\/#organization\",\"name\":\"Montessori \u017eaislai\",\"url\":\"https:\/\/dev.monti.lt\/\",\"logo\":{\"@type\":\"ImageObject\",\"inLanguage\":\"en-US\",\"@id\":\"https:\/\/dev.monti.lt\/#\/schema\/logo\/image\/\",\"url\":\"https:\/\/dev.monti.lt\/wp-content\/uploads\/2022\/03\/montilogo-1.png\",\"contentUrl\":\"https:\/\/dev.monti.lt\/wp-content\/uploads\/2022\/03\/montilogo-1.png\",\"width\":512,\"height\":512,\"caption\":\"Montessori \u017eaislai\"},\"image\":{\"@id\":\"https:\/\/dev.monti.lt\/#\/schema\/logo\/image\/\"}}]}<\/script>\n<!-- \/ Yoast SEO plugin. -->","yoast_head_json":{"title":"Lavinamasis kilim\u0117lis su kamuoliuk\u0173 baseinu - Montessori \u017eaislai","robots":{"index":"noindex","follow":"follow","max-snippet":"max-snippet:-1","max-image-preview":"max-image-preview:large","max-video-preview":"max-video-preview:-1"},"og_locale":"en_US","og_type":"article","og_title":"Lavinamasis kilim\u0117lis su kamuoliuk\u0173 baseinu - Montessori \u017eaislai","og_description":"Daugiafunkcinis kilim\u0117lis k\u016bdikiams su gultuku u\u017etikrins tinkam\u0105 j\u016bs\u0173 k\u016bdikio vystym\u0105si nuo pirm\u0173j\u0173 gyvenimo akimirk\u0173.Originali forma ir originalios spalvos prad\u017eiugins net pa\u010dius i\u0161rankiausius.Jis pagamintas skiriant d\u0117mes\u012f kiekvienai detalei, ypating\u0105 d\u0117mes\u012f skiriant pasaul\u012f pa\u017e\u012fstan\u010di\u0173 ma\u017eyli\u0173 ir j\u0173 t\u0117v\u0173 poreikiams. Kilim\u0117lis auga kartu su vaiku. Jis bus naudingas kiekvienu raidos etapu. Vienas kilim\u0117lis &#8211; daug galimybi\u0173! Kilim\u0117lis su [&hellip;]","og_url":"https:\/\/dev.monti.lt\/en\/product\/lavinamasis-kilimelis-su-kamuoliuku-baseinu\/","og_site_name":"Montessori \u017eaislai","article_modified_time":"2024-10-09T14:41:49+00:00","og_image":[{"width":1024,"height":1024,"url":"https:\/\/dev.monti.lt\/wp-content\/uploads\/2023\/10\/Mata-edukacyjna-lisek-kojec-z-pileczkami-zawieszka-133843.jpg","type":"image\/jpeg"}],"twitter_card":"summary_large_image","twitter_misc":{"Est. reading time":"2 minutes"},"schema":{"@context":"https:\/\/schema.org","@graph":[{"@type":"WebPage","@id":"https:\/\/dev.monti.lt\/product\/lavinamasis-kilimelis-su-kamuoliuku-baseinu\/","url":"https:\/\/dev.monti.lt\/product\/lavinamasis-kilimelis-su-kamuoliuku-baseinu\/","name":"Lavinamasis kilim\u0117lis su kamuoliuk\u0173 baseinu - Montessori \u017eaislai","isPartOf":{"@id":"https:\/\/dev.monti.lt\/#website"},"primaryImageOfPage":{"@id":"https:\/\/dev.monti.lt\/product\/lavinamasis-kilimelis-su-kamuoliuku-baseinu\/#primaryimage"},"image":{"@id":"https:\/\/dev.monti.lt\/product\/lavinamasis-kilimelis-su-kamuoliuku-baseinu\/#primaryimage"},"thumbnailUrl":"https:\/\/dev.monti.lt\/wp-content\/uploads\/2023\/10\/Mata-edukacyjna-lisek-kojec-z-pileczkami-zawieszka-133843.jpg","datePublished":"2023-10-23T06:24:56+00:00","dateModified":"2024-10-09T14:41:49+00:00","breadcrumb":{"@id":"https:\/\/dev.monti.lt\/product\/lavinamasis-kilimelis-su-kamuoliuku-baseinu\/#breadcrumb"},"inLanguage":"en-US","potentialAction":[{"@type":"ReadAction","target":["https:\/\/dev.monti.lt\/product\/lavinamasis-kilimelis-su-kamuoliuku-baseinu\/"]}]},{"@type":"ImageObject","inLanguage":"en-US","@id":"https:\/\/dev.monti.lt\/product\/lavinamasis-kilimelis-su-kamuoliuku-baseinu\/#primaryimage","url":"https:\/\/dev.monti.lt\/wp-content\/uploads\/2023\/10\/Mata-edukacyjna-lisek-kojec-z-pileczkami-zawieszka-133843.jpg","contentUrl":"https:\/\/dev.monti.lt\/wp-content\/uploads\/2023\/10\/Mata-edukacyjna-lisek-kojec-z-pileczkami-zawieszka-133843.jpg","width":1024,"height":1024,"caption":"kamuoliuku baseinas"},{"@type":"BreadcrumbList","@id":"https:\/\/dev.monti.lt\/product\/lavinamasis-kilimelis-su-kamuoliuku-baseinu\/#breadcrumb","itemListElement":[{"@type":"ListItem","position":1,"name":"Home","item":"https:\/\/dev.monti.lt\/"},{"@type":"ListItem","position":2,"name":"Parduotuv\u0117","item":"https:\/\/dev.monti.lt\/shop\/"},{"@type":"ListItem","position":3,"name":"Lavinamasis kilim\u0117lis su kamuoliuk\u0173 baseinu"}]},{"@type":"WebSite","@id":"https:\/\/dev.monti.lt\/#website","url":"https:\/\/dev.monti.lt\/","name":"Montessori \u017eaislai","description":"","publisher":{"@id":"https:\/\/dev.monti.lt\/#organization"},"potentialAction":[{"@type":"SearchAction","target":{"@type":"EntryPoint","urlTemplate":"https:\/\/dev.monti.lt\/?s={search_term_string}"},"query-input":"required name=search_term_string"}],"inLanguage":"en-US"},{"@type":"Organization","@id":"https:\/\/dev.monti.lt\/#organization","name":"Montessori \u017eaislai","url":"https:\/\/dev.monti.lt\/","logo":{"@type":"ImageObject","inLanguage":"en-US","@id":"https:\/\/dev.monti.lt\/#\/schema\/logo\/image\/","url":"https:\/\/dev.monti.lt\/wp-content\/uploads\/2022\/03\/montilogo-1.png","contentUrl":"https:\/\/dev.monti.lt\/wp-content\/uploads\/2022\/03\/montilogo-1.png","width":512,"height":512,"caption":"Montessori \u017eaislai"},"image":{"@id":"https:\/\/dev.monti.lt\/#\/schema\/logo\/image\/"}}]}},"_links":{"self":[{"href":"https:\/\/dev.monti.lt\/en\/wp-json\/wp\/v2\/product\/18558"}],"collection":[{"href":"https:\/\/dev.monti.lt\/en\/wp-json\/wp\/v2\/product"}],"about":[{"href":"https:\/\/dev.monti.lt\/en\/wp-json\/wp\/v2\/types\/product"}],"version-history":[{"count":1,"href":"https:\/\/dev.monti.lt\/en\/wp-json\/wp\/v2\/product\/18558\/revisions"}],"predecessor-version":[{"id":18570,"href":"https:\/\/dev.monti.lt\/en\/wp-json\/wp\/v2\/product\/18558\/revisions\/18570"}],"wp:featuredmedia":[{"embeddable":true,"href":"https:\/\/dev.monti.lt\/en\/wp-json\/wp\/v2\/media\/18560"}],"wp:attachment":[{"href":"https:\/\/dev.monti.lt\/en\/wp-json\/wp\/v2\/media?parent=18558"}],"wp:term":[{"taxonomy":"product_cat","embeddable":true,"href":"https:\/\/dev.monti.lt\/en\/wp-json\/wp\/v2\/product_cat?post=18558"},{"taxonomy":"product_tag","embeddable":true,"href":"https:\/\/dev.monti.lt\/en\/wp-json\/wp\/v2\/product_tag?post=18558"}],"curies":[{"name":"wp","href":"https:\/\/api.w.org\/{rel}","templated":true}]}}