{"id":14281,"date":"2023-03-03T08:59:06","date_gmt":"2023-03-03T08:59:06","guid":{"rendered":"https:\/\/dev.monti.lt\/?post_type=product&#038;p=14281"},"modified":"2024-09-25T08:23:19","modified_gmt":"2024-09-25T08:23:19","slug":"vaikiskas-fotoaparatas","status":"publish","type":"product","link":"https:\/\/dev.monti.lt\/en\/product\/vaikiskas-fotoaparatas\/","title":{"rendered":"Vaiki\u0161kas fotoaparatas"},"content":{"rendered":"<ul class=\"wp-block-list\"><li><strong>KAMEROS DAUGIAFUNKCIN\u0116S&nbsp;<\/strong>&#8211; \u012frenginys turi 6 skirtingas funkcijas:&nbsp;<strong>fotoaparato re\u017eimas; \u012fra\u0161ymo re\u017eimas; nuotrauk\u0173 \/ vaizdo \u012fra\u0161\u0173 galerijos atk\u016brimas; nustatymai; \u017eaidim\u0173 ir turinio atsisiuntimas, asmenuki\u0173 kamera.<\/strong><\/li><li><strong>FULL HD \u012eRA\u0160YMAS \u2013&nbsp;<\/strong>\u0160is kompakti\u0161kas \u012frenginys taip pat gali \u012fra\u0161yti \u201eFull HD\u201c rai\u0161ka! Be to, jame yra mikrofonas, kuris tiksliai \u012fra\u0161ys kiekvien\u0105 gars\u0105.&nbsp;<strong>Komplekte yra 16 GB talpos miniSD kortel\u0117, kuri leis vaikui padaryti daug nuotrauk\u0173, taip pat \u012fra\u0161yti vaizdo \u012fra\u0161\u0105.<\/strong><\/li><li><strong>5 \u017dAIDIMAI<\/strong>&nbsp;&#8211; kad j\u016bs\u0173 vaikui b\u016bt\u0173 dar smagiau naudotis \u012frenginiu, fotoaparate i\u0161 anksto \u012fdiegti 5 ikoniniai \u017eaidimai!&nbsp;<strong>Tai kart\u0173 \u017eaidimai, kuriais ne vienerius metus m\u0117gaujasi ne tik patys ma\u017eiausieji, bet ir j\u0173 t\u0117veliai.<\/strong><\/li><li><strong>MONITORIAUS<\/strong>&nbsp;&#8211; 2 coli\u0173 monitorius apr\u016bpintas daugybe pagrindini\u0173 funkcij\u0173, primenan\u010di\u0173 profesionali\u0105 \u012frang\u0105. Meniu \u010dia atrodo labai pana\u0161iai, galima nustatyti nuotrauk\u0173 dyd\u012f, dat\u0105 ir dar daugiau. Fotoaparatas taip pat turi automatinio i\u0161sijungimo funkcij\u0105 po 1\/2\/3 minut\u0117s, tai ypa\u010d naudinga ma\u017eesniems vaikams, kurie po naudojimo neprisimena fotoaparato i\u0161jungti.&nbsp;<strong>Tokia funkcija sutaupys energijos!<\/strong><\/li><li><strong>SPECIFIKACIJA &#8211;&nbsp;<\/strong>m\u0117lyna spalva; am\u017eius: 3+; nuotrauk\u0173 rai\u0161ka: 3MP; vaizdo rai\u0161ka: 1080P, 720P, VGA; papildoma danga: kat\u0117s imitacija; \u201eselfie\u201c fotoaparatas; fotoaparato talpa be kortel\u0117s: 50 nuotrauk\u0173; pridedama atminties kortel\u0117: miniSD 16GB; MicroUSB laido ilgis: 68 cm; ekrano u\u017esklanda: taip; automatinis i\u0161jungimas: taip; meniu skirtingomis kalbomis: taip; 600 mAh baterija; ABS med\u017eiaga; \u012fkrovimo laikas: 2h; nepertraukiamo darbo laikas: 2h; darbo laikas su pertraukomis: 4-6h, matmenys: 5 \/ 10,5 \/ 6cm, kameros svoris: 0,057 kg; svoris su pakuote: 0,245 kg.&nbsp;<\/li><\/ul><p><strong>SPECIFIKACIJA:<\/strong><\/p><ul class=\"wp-block-list\"><li>m\u0117lyna spalva<\/li><li>am\u017eius: 3+<\/li><li>nuotrauk\u0173 rai\u0161ka: 3MP<\/li><li>vaizdo rai\u0161ka: 1080P, 720P, VGA<\/li><li>papildoma danga: kat\u0117s imitacija<\/li><li>selfie kamera<\/li><li>fotoaparato talpa be kortel\u0117s: 50 nuotrauk\u0173<\/li><li>Komplekte atminties kortel\u0117: miniSD 16GB<\/li><li>MicroUSB laido ilgis: 68 cm<\/li><li>ekrano u\u017esklanda: taip<\/li><li>automatinis i\u0161jungimas: taip<\/li><li>meniu skirtingomis kalbomis: taip<\/li><li>600 mAh baterija; ABS med\u017eiaga<\/li><li>\u012fkrovimo laikas: 2h<\/li><li>nepertraukiamo darbo laikas: 2val<\/li><li>su pertraukomis darbo laikas: 4-6h<\/li><li>matmenys: 5 \/ 10,5 \/ 6cm<\/li><li>fotoaparato svoris: 0,057 kg<\/li><li>svoris su pakuote: 0,245 kg<\/li><\/ul><p><strong>\u012eSKAITANT:<\/strong><\/p><ul class=\"wp-block-list\"><li>fotoaparatas<\/li><li>ka\u010diuko perdanga<\/li><li><strong>16GB miniSD kortel\u0117<\/strong><\/li><li>MicroUSB laidas<\/li><li>pavad\u0117lis<\/li><\/ul><p>2 coli\u0173 kamera ma\u017eiesiems&nbsp;<strong>! 2W1 \u2013 ne tik fotografuoti, bet ir Full HD \u012fra\u0161ymas su garsu!<\/strong>&nbsp;\u012erenginys leid\u017eia nuotraukoms pritaikyti \u012fvairius filtrus, t.y.&nbsp;<strong>nuotraukos juodai baltos, sepijos,&nbsp;<\/strong><strong>\u012fvairi\u0173<\/strong><strong>&nbsp;neigiamos versijos.&nbsp;<\/strong>Jis turi galimyb\u0119 fotografuoti serijomis<strong>&nbsp;Be to, randu<\/strong>&nbsp;<strong>el<\/strong><strong>&nbsp;a\u0161 pats&nbsp;<\/strong><strong>daug<\/strong><strong>&nbsp;r\u0117meliai<\/strong>&nbsp;, kurie patiks kiekvienam ma\u017eyliui, pavyzd\u017eiui, \u017eaislai, gimtadienio balionai, me\u0161ka su bit\u0117mis ir debes\u0117liais ir daugelis kit\u0173&nbsp;<strong>.<\/strong>&nbsp;D\u0117l paprasto veikimo ir auk\u0161tos nuotrauk\u0173 bei filmavimo kokyb\u0117s vaikas lavins k\u016brybi\u0161kum\u0105 ir menin\u012f jausm\u0105, o tuo pa\u010diu smagiai praleis laik\u0105<\/p>","protected":false},"excerpt":{"rendered":"<p>KAMEROS DAUGIAFUNKCIN\u0116S&nbsp;&#8211; \u012frenginys turi 6 skirtingas funkcijas:&nbsp;fotoaparato re\u017eimas; \u012fra\u0161ymo re\u017eimas; nuotrauk\u0173 \/ vaizdo \u012fra\u0161\u0173 galerijos atk\u016brimas; nustatymai; \u017eaidim\u0173 ir turinio atsisiuntimas, asmenuki\u0173 kamera. FULL HD \u012eRA\u0160YMAS \u2013&nbsp;\u0160is kompakti\u0161kas \u012frenginys taip pat gali \u012fra\u0161yti \u201eFull HD\u201c rai\u0161ka! Be to, jame yra mikrofonas, kuris tiksliai \u012fra\u0161ys kiekvien\u0105 gars\u0105.&nbsp;Komplekte yra 16 GB talpos miniSD kortel\u0117, kuri leis vaikui [&hellip;]<\/p>","protected":false},"featured_media":14282,"template":"","meta":{"iawp_total_views":326},"product_cat":[195,197,191,192,84,90,93,49,39,215,201],"product_tag":[97,98,99],"class_list":{"0":"post-14281","1":"product","2":"type-product","3":"status-publish","4":"has-post-thumbnail","6":"product_cat-dovanos-vaikams-3-4-metu","7":"product_cat-dovanos-berniukams","8":"product_cat-dovanos-vaikams","9":"product_cat-kaledines-dovanos-vaikams","10":"product_cat-lavinamieji-zaislai","11":"product_cat-pasaulio-pazinimas","12":"product_cat-vaidmenu-zaidimai","13":"product_cat-visi-zaislai","14":"product_cat-zaislai","15":"product_cat-zaislai-berniukams","16":"product_cat-zaislai-kelioneje","17":"product_tag-3-m-4-m","18":"product_tag-5-m-7-m","19":"product_tag-8-m-11-m","21":"first","22":"instock","23":"taxable","24":"shipping-taxable","25":"purchasable","26":"product-type-simple"},"yoast_head":"<!-- This site is optimized with the Yoast SEO plugin v23.3 - https:\/\/yoast.com\/wordpress\/plugins\/seo\/ -->\n<title>Vaiki\u0161kas fotoaparatas - Montessori \u017eaislai<\/title>\n<meta name=\"robots\" content=\"noindex, follow, max-snippet:-1, max-image-preview:large, max-video-preview:-1\" \/>\n<meta property=\"og:locale\" content=\"en_US\" \/>\n<meta property=\"og:type\" content=\"article\" \/>\n<meta property=\"og:title\" content=\"Vaiki\u0161kas fotoaparatas - Montessori \u017eaislai\" \/>\n<meta property=\"og:description\" content=\"KAMEROS DAUGIAFUNKCIN\u0116S&nbsp;&#8211; \u012frenginys turi 6 skirtingas funkcijas:&nbsp;fotoaparato re\u017eimas; \u012fra\u0161ymo re\u017eimas; nuotrauk\u0173 \/ vaizdo \u012fra\u0161\u0173 galerijos atk\u016brimas; nustatymai; \u017eaidim\u0173 ir turinio atsisiuntimas, asmenuki\u0173 kamera. FULL HD \u012eRA\u0160YMAS \u2013&nbsp;\u0160is kompakti\u0161kas \u012frenginys taip pat gali \u012fra\u0161yti \u201eFull HD\u201c rai\u0161ka! Be to, jame yra mikrofonas, kuris tiksliai \u012fra\u0161ys kiekvien\u0105 gars\u0105.&nbsp;Komplekte yra 16 GB talpos miniSD kortel\u0117, kuri leis vaikui [&hellip;]\" \/>\n<meta property=\"og:url\" content=\"https:\/\/dev.monti.lt\/en\/product\/vaikiskas-fotoaparatas\/\" \/>\n<meta property=\"og:site_name\" content=\"Montessori \u017eaislai\" \/>\n<meta property=\"article:modified_time\" content=\"2024-09-25T08:23:19+00:00\" \/>\n<meta property=\"og:image\" content=\"https:\/\/dev.monti.lt\/wp-content\/uploads\/2023\/03\/lit_pl_Melyna-skaitmenine-kamera-AC16952-15476_11.jpg\" \/>\n\t<meta property=\"og:image:width\" content=\"500\" \/>\n\t<meta property=\"og:image:height\" content=\"500\" \/>\n\t<meta property=\"og:image:type\" content=\"image\/jpeg\" \/>\n<meta name=\"twitter:card\" content=\"summary_large_image\" \/>\n<meta name=\"twitter:label1\" content=\"Est. reading time\" \/>\n\t<meta name=\"twitter:data1\" content=\"2 minutes\" \/>\n<script type=\"application\/ld+json\" class=\"yoast-schema-graph\">{\"@context\":\"https:\/\/schema.org\",\"@graph\":[{\"@type\":\"WebPage\",\"@id\":\"https:\/\/dev.monti.lt\/product\/vaikiskas-fotoaparatas\/\",\"url\":\"https:\/\/dev.monti.lt\/product\/vaikiskas-fotoaparatas\/\",\"name\":\"Vaiki\u0161kas fotoaparatas - Montessori \u017eaislai\",\"isPartOf\":{\"@id\":\"https:\/\/dev.monti.lt\/#website\"},\"primaryImageOfPage\":{\"@id\":\"https:\/\/dev.monti.lt\/product\/vaikiskas-fotoaparatas\/#primaryimage\"},\"image\":{\"@id\":\"https:\/\/dev.monti.lt\/product\/vaikiskas-fotoaparatas\/#primaryimage\"},\"thumbnailUrl\":\"https:\/\/dev.monti.lt\/wp-content\/uploads\/2023\/03\/lit_pl_Melyna-skaitmenine-kamera-AC16952-15476_11.jpg\",\"datePublished\":\"2023-03-03T08:59:06+00:00\",\"dateModified\":\"2024-09-25T08:23:19+00:00\",\"breadcrumb\":{\"@id\":\"https:\/\/dev.monti.lt\/product\/vaikiskas-fotoaparatas\/#breadcrumb\"},\"inLanguage\":\"en-US\",\"potentialAction\":[{\"@type\":\"ReadAction\",\"target\":[\"https:\/\/dev.monti.lt\/product\/vaikiskas-fotoaparatas\/\"]}]},{\"@type\":\"ImageObject\",\"inLanguage\":\"en-US\",\"@id\":\"https:\/\/dev.monti.lt\/product\/vaikiskas-fotoaparatas\/#primaryimage\",\"url\":\"https:\/\/dev.monti.lt\/wp-content\/uploads\/2023\/03\/lit_pl_Melyna-skaitmenine-kamera-AC16952-15476_11.jpg\",\"contentUrl\":\"https:\/\/dev.monti.lt\/wp-content\/uploads\/2023\/03\/lit_pl_Melyna-skaitmenine-kamera-AC16952-15476_11.jpg\",\"width\":500,\"height\":500},{\"@type\":\"BreadcrumbList\",\"@id\":\"https:\/\/dev.monti.lt\/product\/vaikiskas-fotoaparatas\/#breadcrumb\",\"itemListElement\":[{\"@type\":\"ListItem\",\"position\":1,\"name\":\"Home\",\"item\":\"https:\/\/dev.monti.lt\/\"},{\"@type\":\"ListItem\",\"position\":2,\"name\":\"Parduotuv\u0117\",\"item\":\"https:\/\/dev.monti.lt\/shop\/\"},{\"@type\":\"ListItem\",\"position\":3,\"name\":\"Vaiki\u0161kas fotoaparatas\"}]},{\"@type\":\"WebSite\",\"@id\":\"https:\/\/dev.monti.lt\/#website\",\"url\":\"https:\/\/dev.monti.lt\/\",\"name\":\"Montessori \u017eaislai\",\"description\":\"\",\"publisher\":{\"@id\":\"https:\/\/dev.monti.lt\/#organization\"},\"potentialAction\":[{\"@type\":\"SearchAction\",\"target\":{\"@type\":\"EntryPoint\",\"urlTemplate\":\"https:\/\/dev.monti.lt\/?s={search_term_string}\"},\"query-input\":\"required name=search_term_string\"}],\"inLanguage\":\"en-US\"},{\"@type\":\"Organization\",\"@id\":\"https:\/\/dev.monti.lt\/#organization\",\"name\":\"Montessori \u017eaislai\",\"url\":\"https:\/\/dev.monti.lt\/\",\"logo\":{\"@type\":\"ImageObject\",\"inLanguage\":\"en-US\",\"@id\":\"https:\/\/dev.monti.lt\/#\/schema\/logo\/image\/\",\"url\":\"https:\/\/dev.monti.lt\/wp-content\/uploads\/2022\/03\/montilogo-1.png\",\"contentUrl\":\"https:\/\/dev.monti.lt\/wp-content\/uploads\/2022\/03\/montilogo-1.png\",\"width\":512,\"height\":512,\"caption\":\"Montessori \u017eaislai\"},\"image\":{\"@id\":\"https:\/\/dev.monti.lt\/#\/schema\/logo\/image\/\"}}]}<\/script>\n<!-- \/ Yoast SEO plugin. -->","yoast_head_json":{"title":"Vaiki\u0161kas fotoaparatas - Montessori \u017eaislai","robots":{"index":"noindex","follow":"follow","max-snippet":"max-snippet:-1","max-image-preview":"max-image-preview:large","max-video-preview":"max-video-preview:-1"},"og_locale":"en_US","og_type":"article","og_title":"Vaiki\u0161kas fotoaparatas - Montessori \u017eaislai","og_description":"KAMEROS DAUGIAFUNKCIN\u0116S&nbsp;&#8211; \u012frenginys turi 6 skirtingas funkcijas:&nbsp;fotoaparato re\u017eimas; \u012fra\u0161ymo re\u017eimas; nuotrauk\u0173 \/ vaizdo \u012fra\u0161\u0173 galerijos atk\u016brimas; nustatymai; \u017eaidim\u0173 ir turinio atsisiuntimas, asmenuki\u0173 kamera. FULL HD \u012eRA\u0160YMAS \u2013&nbsp;\u0160is kompakti\u0161kas \u012frenginys taip pat gali \u012fra\u0161yti \u201eFull HD\u201c rai\u0161ka! Be to, jame yra mikrofonas, kuris tiksliai \u012fra\u0161ys kiekvien\u0105 gars\u0105.&nbsp;Komplekte yra 16 GB talpos miniSD kortel\u0117, kuri leis vaikui [&hellip;]","og_url":"https:\/\/dev.monti.lt\/en\/product\/vaikiskas-fotoaparatas\/","og_site_name":"Montessori \u017eaislai","article_modified_time":"2024-09-25T08:23:19+00:00","og_image":[{"width":500,"height":500,"url":"https:\/\/dev.monti.lt\/wp-content\/uploads\/2023\/03\/lit_pl_Melyna-skaitmenine-kamera-AC16952-15476_11.jpg","type":"image\/jpeg"}],"twitter_card":"summary_large_image","twitter_misc":{"Est. reading time":"2 minutes"},"schema":{"@context":"https:\/\/schema.org","@graph":[{"@type":"WebPage","@id":"https:\/\/dev.monti.lt\/product\/vaikiskas-fotoaparatas\/","url":"https:\/\/dev.monti.lt\/product\/vaikiskas-fotoaparatas\/","name":"Vaiki\u0161kas fotoaparatas - Montessori \u017eaislai","isPartOf":{"@id":"https:\/\/dev.monti.lt\/#website"},"primaryImageOfPage":{"@id":"https:\/\/dev.monti.lt\/product\/vaikiskas-fotoaparatas\/#primaryimage"},"image":{"@id":"https:\/\/dev.monti.lt\/product\/vaikiskas-fotoaparatas\/#primaryimage"},"thumbnailUrl":"https:\/\/dev.monti.lt\/wp-content\/uploads\/2023\/03\/lit_pl_Melyna-skaitmenine-kamera-AC16952-15476_11.jpg","datePublished":"2023-03-03T08:59:06+00:00","dateModified":"2024-09-25T08:23:19+00:00","breadcrumb":{"@id":"https:\/\/dev.monti.lt\/product\/vaikiskas-fotoaparatas\/#breadcrumb"},"inLanguage":"en-US","potentialAction":[{"@type":"ReadAction","target":["https:\/\/dev.monti.lt\/product\/vaikiskas-fotoaparatas\/"]}]},{"@type":"ImageObject","inLanguage":"en-US","@id":"https:\/\/dev.monti.lt\/product\/vaikiskas-fotoaparatas\/#primaryimage","url":"https:\/\/dev.monti.lt\/wp-content\/uploads\/2023\/03\/lit_pl_Melyna-skaitmenine-kamera-AC16952-15476_11.jpg","contentUrl":"https:\/\/dev.monti.lt\/wp-content\/uploads\/2023\/03\/lit_pl_Melyna-skaitmenine-kamera-AC16952-15476_11.jpg","width":500,"height":500},{"@type":"BreadcrumbList","@id":"https:\/\/dev.monti.lt\/product\/vaikiskas-fotoaparatas\/#breadcrumb","itemListElement":[{"@type":"ListItem","position":1,"name":"Home","item":"https:\/\/dev.monti.lt\/"},{"@type":"ListItem","position":2,"name":"Parduotuv\u0117","item":"https:\/\/dev.monti.lt\/shop\/"},{"@type":"ListItem","position":3,"name":"Vaiki\u0161kas fotoaparatas"}]},{"@type":"WebSite","@id":"https:\/\/dev.monti.lt\/#website","url":"https:\/\/dev.monti.lt\/","name":"Montessori \u017eaislai","description":"","publisher":{"@id":"https:\/\/dev.monti.lt\/#organization"},"potentialAction":[{"@type":"SearchAction","target":{"@type":"EntryPoint","urlTemplate":"https:\/\/dev.monti.lt\/?s={search_term_string}"},"query-input":"required name=search_term_string"}],"inLanguage":"en-US"},{"@type":"Organization","@id":"https:\/\/dev.monti.lt\/#organization","name":"Montessori \u017eaislai","url":"https:\/\/dev.monti.lt\/","logo":{"@type":"ImageObject","inLanguage":"en-US","@id":"https:\/\/dev.monti.lt\/#\/schema\/logo\/image\/","url":"https:\/\/dev.monti.lt\/wp-content\/uploads\/2022\/03\/montilogo-1.png","contentUrl":"https:\/\/dev.monti.lt\/wp-content\/uploads\/2022\/03\/montilogo-1.png","width":512,"height":512,"caption":"Montessori \u017eaislai"},"image":{"@id":"https:\/\/dev.monti.lt\/#\/schema\/logo\/image\/"}}]}},"_links":{"self":[{"href":"https:\/\/dev.monti.lt\/en\/wp-json\/wp\/v2\/product\/14281"}],"collection":[{"href":"https:\/\/dev.monti.lt\/en\/wp-json\/wp\/v2\/product"}],"about":[{"href":"https:\/\/dev.monti.lt\/en\/wp-json\/wp\/v2\/types\/product"}],"version-history":[{"count":2,"href":"https:\/\/dev.monti.lt\/en\/wp-json\/wp\/v2\/product\/14281\/revisions"}],"predecessor-version":[{"id":14672,"href":"https:\/\/dev.monti.lt\/en\/wp-json\/wp\/v2\/product\/14281\/revisions\/14672"}],"wp:featuredmedia":[{"embeddable":true,"href":"https:\/\/dev.monti.lt\/en\/wp-json\/wp\/v2\/media\/14282"}],"wp:attachment":[{"href":"https:\/\/dev.monti.lt\/en\/wp-json\/wp\/v2\/media?parent=14281"}],"wp:term":[{"taxonomy":"product_cat","embeddable":true,"href":"https:\/\/dev.monti.lt\/en\/wp-json\/wp\/v2\/product_cat?post=14281"},{"taxonomy":"product_tag","embeddable":true,"href":"https:\/\/dev.monti.lt\/en\/wp-json\/wp\/v2\/product_tag?post=14281"}],"curies":[{"name":"wp","href":"https:\/\/api.w.org\/{rel}","templated":true}]}}